
{"id":774,"date":"2025-09-03T21:39:33","date_gmt":"2025-09-04T01:39:33","guid":{"rendered":"https:\/\/derechoyreligion-uc.urantiacos.cl\/who-we-are\/team\/"},"modified":"2026-03-08T19:37:50","modified_gmt":"2026-03-08T22:37:50","slug":"team","status":"publish","type":"page","link":"https:\/\/derechoyreligion-uc.urantiacos.cl\/en\/who-we-are\/team\/","title":{"rendered":"Team"},"content":{"rendered":"\n<h1 class=\"wp-block-heading uc-title mb-32\">About us<\/h1>\n\n<hr class=\"wp-block-separator has-alpha-channel-opacity uc-hr mb-60 mt-24\"\/>\n\n<div class=\"row  core-columns-is-layout-9d6595d7 \">\n<div class=\"col-12 col-md-3 mb-32 side-menu-container  \"><div class=\"lazyblock-menu-lateral-izquierdo-1V1ypU wp-block-lazyblock-menu-lateral-izquierdo\"><div class=\"uc-subtitle mb-4\">Related Pages<\/div>\n  <ul class=\"nav uc-navbar-side\">\n    \n      <li class=\"\">\n        <a href=\"https:\/\/derechoyreligion-uc.urantiacos.cl\/quienes-somos\/\" class=\"uc-navbar-side_label  \"> Introduction <i class=\"uc-icon\">keyboard_arrow_right<\/i><\/a>\n      <\/li>\n      \n      <li class=\"\">\n        <a href=\"https:\/\/derechoyreligion-uc.urantiacos.cl\/quienes-somos\/mision\/\" class=\"uc-navbar-side_label  \"> Mission <i class=\"uc-icon\">keyboard_arrow_right<\/i><\/a>\n      <\/li>\n      \n      <li class=\"\">\n        <a href=\"https:\/\/derechoyreligion-uc.urantiacos.cl\/quienes-somos\/objetivos\/\" class=\"uc-navbar-side_label  \"> Objectives <i class=\"uc-icon\">keyboard_arrow_right<\/i><\/a>\n      <\/li>\n      \n      <li class=\"\">\n        <a href=\"https:\/\/derechoyreligion-uc.urantiacos.cl\/quienes-somos\/areas-principales\/\" class=\"uc-navbar-side_label  \"> Main Areas <i class=\"uc-icon\">keyboard_arrow_right<\/i><\/a>\n      <\/li>\n      \n      <li class=\"\">\n        <a href=\"https:\/\/derechoyreligion-uc.urantiacos.cl\/quienes-somos\/estructura-del-centro\/\" class=\"uc-navbar-side_label  \"> Center Structure <i class=\"uc-icon\">keyboard_arrow_right<\/i><\/a>\n      <\/li>\n      \n      <li class=\"\">\n        <a href=\"https:\/\/derechoyreligion-uc.urantiacos.cl\/quienes-somos\/equipo\/\" class=\"uc-navbar-side_label  \"> Team <i class=\"uc-icon\">keyboard_arrow_right<\/i><\/a>\n      <\/li>\n        <\/ul>\n<\/div><\/div>\n\n\n\n<div class=\"col-12 col-md-9 mb-32  \">\n<h2 class=\"wp-block-heading  uc-title mb-24\">Team<\/h2>\n\n\n<div class=\"lazyblock-uc-card-basica-jQFmr wp-block-lazyblock-uc-card-basica\"><div class=\"row\">\n    <div class=\"col-md-12 mb-32\">\n        <div class=\"uc-card card-height--same \">\n            <div class=\"uc-card_body\">\n                <h3 class=\"h4\">\n\n                    Mar\u00eda Elena Pimstein Scroggie\n                <\/h3>\n                <div class=\"uc-text-divider divider-primary my-12\"><\/div>\n                <div>\n                    <p><strong>Director and Researcher<\/strong><\/p>\n<p>Law graduate from Pontificia Universidad Cat\u00f3lica de Chile and attorney, with an extensive academic career at UC. She is a professor in the Department of Canon Law and has served as its director. In 2014, she joined the Ethics and Disciplinary Council of the Faculty of Law, and between 2015 and 2018 she served as Secretary General of Pontificia Universidad Cat\u00f3lica de Chile.<\/p>\n<p>She has been a researcher and member of the Center&#8217;s Board of Directors since 2006, except for the period she served in the Office of the Secretary General. Additionally, she is a member of the Faculty Council.<\/p>\n<p>Between 1995 and 2002, she served as auditor of the National Ecclesiastical Court of Appeals, under the Chilean Episcopal Conference. From 2003 to 2015, she was internal advisor to the Legal Department of the Archdiocese of Santiago. From its creation in 2011 until 2015, she was a member of the National Council for the Prevention of Abuse and Support for Victims of the Episcopal Conference.<\/p>\n<p>She has participated in numerous national and international academic meetings, as speaker and coordinator, contributing primarily in the field of religious freedom.<\/p>\n<p>She is a member of the following scientific societies: the Latin American Consortium for Religious Freedom, the Chilean Association of Canon Law, and the International Consortium for Law and Religion Studies (ICLARS).<\/p>\n                <\/div>\n            <\/div>\n        <\/div>\n    <\/div>\n    <div class=\"col-md-12 mb-32\">\n        <div class=\"uc-card card-height--same \">\n            <div class=\"uc-card_body\">\n                <h3 class=\"h4\">\n\n                    Paulina Eyzaguirre G\u00e1lvez\n                <\/h3>\n                <div class=\"uc-text-divider divider-primary my-12\"><\/div>\n                <div>\n                    <p><strong>Coordinator and Researcher<\/strong><\/p>\n<p>Graduate in legal and social sciences from Universidad Diego Portales and attorney. She holds a diploma in the specialty &#8220;Family and Society&#8221; (Pontificia Universidad Cat\u00f3lica de Chile, 2010) and in the specialty &#8220;Church and Law: Updates in Canon Law, 4th Edition, 2012&#8221; (Pontificia Universidad Cat\u00f3lica de Chile, 2012). In 2011, she collaborated in organizing the II Conference of the International Consortium for Law and Religion held in Santiago, and since 2013 she has been coordinator and researcher at the UC Center for Law and Religion. Between 2018 and 2025, she has been a researcher and editor of the Latin America and Caribbean section of the Annual Report on Religious Freedom in the World by the Pontifical Foundation Aid to the Church in Need (ACN).<\/p>\n                <\/div>\n            <\/div>\n        <\/div>\n    <\/div>\n    <div class=\"col-md-12 mb-32\">\n        <div class=\"uc-card card-height--same \">\n            <div class=\"uc-card_body\">\n                <h3 class=\"h4\">\n\n                    Ana Mar\u00eda Celis Brunet\n                <\/h3>\n                <div class=\"uc-text-divider divider-primary my-12\"><\/div>\n                <div>\n                    <p><strong>Researcher and Director of the Latin American Journal of Law and Religion<\/strong><\/p>\n<p>Graduate and Doctor in Canon Law from the Pontificia Universit\u00e0 Gregoriana in Rome; and law graduate from Pontificia Universidad Cat\u00f3lica de Chile. Attorney.<\/p>\n<p>She has developed her academic career since 2000 at the Faculty of Law of Pontificia Universidad Cat\u00f3lica de Chile and during certain periods has taught at other institutions such as Universidad Cat\u00f3lica de la Sant\u00edsima Concepci\u00f3n and the Major Seminary of the Archdiocese of Santiago.<\/p>\n<p>Since joining UC, she has taught the Minimum Course in Canon Law for undergraduate students of the Faculty and elective courses at both the undergraduate and doctoral levels to disseminate studies known in comparative law as Ecclesiastical Law of the State or Law and Religion. She currently works full-time at the Faculty as a tenured faculty member in the category of associate professor. She was director of the Center for Law and Religion from its creation (2005) until 2022. She is currently director of the Department of Canon Law, as she was during the period from 2008 to 2016.<\/p>\n<p>Throughout her career, she has actively participated in various institutions such as the Latin American Consortium for Religious Freedom (of which she was president from 2009 to 2013) and the International Consortium for Law and Religion Studies (of which she was president from 2016 to 2022). She was president of the National Council for the Prevention of Abuse and Support for Victims of the Chilean Episcopal Conference between 2018 and 2023, and since that same year she has been a member of the Dicastery for Laity, Family and Life of the Holy See.<\/p>\n<p>Professor Celis has been honored with the Bellarmino Award (PUG), the &#8220;Award for Recognition of Teaching Excellence 2012 General Category,&#8221; granted by Pontificia Universidad Cat\u00f3lica de Chile, and has been nominated twice among the 100 leading women of Chile (2007 and 2014) by the Club of Women Entrepreneurs and the newspaper El Mercurio.<\/p>\n                <\/div>\n            <\/div>\n        <\/div>\n    <\/div>\n    <div class=\"col-md-12 mb-32\">\n        <div class=\"uc-card card-height--same \">\n            <div class=\"uc-card_body\">\n                <h3 class=\"h4\">\n\n                    Mar\u00eda de los \u00c1ngeles Serrano Alliende\n                <\/h3>\n                <div class=\"uc-text-divider divider-primary my-12\"><\/div>\n                <div>\n                    <p><strong>Researcher<\/strong><\/p>\n<p>She holds a law degree and is an attorney from the Pontifical Catholic University. Between 2016 and 2018, she worked as an attorney in the Legal Department of the Archdiocese of Santiago, and between 2019 and 2023 she served as an attorney at the Ministry of Education and the Superintendency of Education.<br>She is currently a lecturer at the UC Faculty of Law, teaching Canon Law and the Legal Clinic, specifically in the Public Law and Freedom of Religion section, and is also a researcher at the Latin America and the Caribbean Observatory on Freedom of Religion of the UC Center for Law and Religion. <\/p>\n                <\/div>\n            <\/div>\n        <\/div>\n    <\/div>\n    <div class=\"col-md-12 mb-32\">\n        <div class=\"uc-card card-height--same \">\n            <div class=\"uc-card_body\">\n                <h3 class=\"h4\">\n\n                    Francisco Ponce Moya\n                <\/h3>\n                <div class=\"uc-text-divider divider-primary my-12\"><\/div>\n                <div>\n                    <p><strong>Coordinator, Latin American Journal of Law and Religion<\/strong><\/p>\n<p>Master\u2019s degree in Systematic Theology (2021) and Bachelor\u2019s degree in Pastoral Studies and Humanities (2014) from the Pontifical Catholic University of Chile; Bachelor\u2019s degree in Education from the Catholic University of Maule (2005). Lecturer. He holds a postgraduate diploma in \u201cEducational Management\u201d (2008) from the Metropolitan University of Educational Sciences.  <\/p>\n<p>Since 2005, he has worked as a teacher and pastoral coordinator in various educational institutions, foundations, and social and ecclesial institutions. Between 2015 and 2025, he served at the Faculty of Theology of the Pontifical Catholic University of Chile as Executive Secretary of the Center for the Study of Religion (2015\u20132018) and later as Head of Continuing Education and Outreach (2018\u20132025). He has also carried out coordination and training work in the Vicariate for Pastoral Ministry of the Archdiocese of Santiago.  <\/p>\n<p>In 2020, he joined the Center for Law and Religion as a collaborator, and since 2021 he has been a researcher responsible for coordinating the Latin American Journal of Law and Religion. He is currently pursuing a PhD in Education at the University of Deusto (Spain) and is the provincial coordinator for comprehensive safeguarding, respectful treatment, and safe environments for Escolapios Ema\u00fas (Spain). <\/p>\n                <\/div>\n            <\/div>\n        <\/div>\n    <\/div>\n<\/div><\/div>\n\n\n<hr class=\"wp-block-separator has-alpha-channel-opacity uc-hr mt-60 mb-40\"\/>\n\n\n\n<h3 class=\"wp-block-heading mb-24\">Other Academic Members of the Center<\/h3>\n\n\n<div class=\"lazyblock-uc-card-basica-1X2YJW wp-block-lazyblock-uc-card-basica\"><div class=\"row\">\n    <div class=\"col-md-6 mb-32\">\n        <div class=\"uc-card card-height--same \">\n            <div class=\"uc-card_body\">\n                <h4 class=\"h4\">\n\n                    Soledad Bertelsen Simonetti\n                <\/h4>\n                <div class=\"uc-text-divider divider-primary my-12\"><\/div>\n                <div>\n                    <p>Doctor in International Human Rights Law (J.S.D.) from the University of Notre Dame, United States, and Master of Law (LLM) from Harvard University, United States. She was a professor at the Faculty of Law of the University of Los Andes and is currently a professor at <em>Columbus School of Law<\/em> at <em>The Catholic University of America<\/em>. <\/p>\n                <\/div>\n            <\/div>\n        <\/div>\n    <\/div>\n    <div class=\"col-md-6 mb-32\">\n        <div class=\"uc-card card-height--same \">\n            <div class=\"uc-card_body\">\n                <h4 class=\"h4\">\n\n                    Rodrigo Pablo P\u00e9rez\n                <\/h4>\n                <div class=\"uc-text-divider divider-primary my-12\"><\/div>\n                <div>\n                    <p>Law graduate UC, attorney, adjunct instructor at the Faculty of Law UC.<\/p>\n                <\/div>\n            <\/div>\n        <\/div>\n    <\/div>\n    <div class=\"col-md-6 mb-32\">\n        <div class=\"uc-card card-height--same \">\n            <div class=\"uc-card_body\">\n                <h4 class=\"h4\">\n\n                    Carlos Villarroel Contreras\n                <\/h4>\n                <div class=\"uc-text-divider divider-primary my-12\"><\/div>\n                <div>\n                    <p><strong>Academic Member<\/strong><\/p>\n<p>Doctor (2018) and Master (2015) in History from the University of Los Andes and Bachelor of Law from the Pontifical Catholic University of Chile (2008).<\/p>\n<p>He has served as an instructor and adjunct professor at the Faculty of Law of the Pontifical Catholic University of Chile, teaching the courses History of Law and History of Chilean Legal, Political, and Social Institutions. He has also collaborated on research projects in the area of Private International Law. <br><br>Since 2022, he has served as a lecturer at the Faculty of Law of Universidad San Sebasti\u00e1n, teaching courses in History and Philosophy. In addition, at that institution he is Secretary of the Law Review and Secretary of the Graduate Studies Unit of the Faculty of Law. <\/p>\n                <\/div>\n            <\/div>\n        <\/div>\n    <\/div>\n<\/div><\/div><\/div>\n<\/div>\n","protected":false},"excerpt":{"rendered":"<p>About us Team Other Academic Members of the Center<\/p>\n","protected":false},"author":1,"featured_media":408,"parent":420,"menu_order":0,"comment_status":"closed","ping_status":"closed","template":"","meta":{"_acf_changed":false,"footnotes":""},"class_list":["post-774","page","type-page","status-publish","has-post-thumbnail","hentry"],"acf":[],"yoast_head":"<!-- This site is optimized with the Yoast SEO plugin v27.1.1 - https:\/\/yoast.com\/product\/yoast-seo-wordpress\/ -->\n<title>Team - Centro UC Derecho y Religi\u00f3n<\/title>\n<meta name=\"robots\" content=\"index, follow, max-snippet:-1, max-image-preview:large, max-video-preview:-1\" \/>\n<link rel=\"canonical\" href=\"https:\/\/derechoyreligion-uc.urantiacos.cl\/en\/who-we-are\/team\/\" \/>\n<meta property=\"og:locale\" content=\"en_US\" \/>\n<meta property=\"og:type\" content=\"article\" \/>\n<meta property=\"og:title\" content=\"Team - Centro UC Derecho y Religi\u00f3n\" \/>\n<meta property=\"og:description\" content=\"About us Team Other Academic Members of the Center\" \/>\n<meta property=\"og:url\" content=\"https:\/\/derechoyreligion-uc.urantiacos.cl\/en\/who-we-are\/team\/\" \/>\n<meta property=\"og:site_name\" content=\"Centro UC Derecho y Religi\u00f3n\" \/>\n<meta property=\"article:modified_time\" content=\"2026-03-08T22:37:50+00:00\" \/>\n<meta property=\"og:image\" content=\"https:\/\/derechoyreligion-uc.urantiacos.cl\/wp-content\/uploads\/2025\/09\/38ecd1f7d80235368f84e71fe282e3ef1ecbbb06.jpg\" \/>\n\t<meta property=\"og:image:width\" content=\"1798\" \/>\n\t<meta property=\"og:image:height\" content=\"1200\" \/>\n\t<meta property=\"og:image:type\" content=\"image\/jpeg\" \/>\n<meta name=\"twitter:card\" content=\"summary_large_image\" \/>\n<script type=\"application\/ld+json\" class=\"yoast-schema-graph\">{\"@context\":\"https:\/\/schema.org\",\"@graph\":[{\"@type\":\"WebPage\",\"@id\":\"https:\/\/derechoyreligion-uc.urantiacos.cl\/en\/who-we-are\/team\/\",\"url\":\"https:\/\/derechoyreligion-uc.urantiacos.cl\/en\/who-we-are\/team\/\",\"name\":\"Team - Centro UC Derecho y Religi\u00f3n\",\"isPartOf\":{\"@id\":\"https:\/\/derechoyreligion-uc.urantiacos.cl\/en\/#website\"},\"primaryImageOfPage\":{\"@id\":\"https:\/\/derechoyreligion-uc.urantiacos.cl\/en\/who-we-are\/team\/#primaryimage\"},\"image\":{\"@id\":\"https:\/\/derechoyreligion-uc.urantiacos.cl\/en\/who-we-are\/team\/#primaryimage\"},\"thumbnailUrl\":\"https:\/\/derechoyreligion-uc.urantiacos.cl\/wp-content\/uploads\/2025\/09\/38ecd1f7d80235368f84e71fe282e3ef1ecbbb06.jpg\",\"datePublished\":\"2025-09-04T01:39:33+00:00\",\"dateModified\":\"2026-03-08T22:37:50+00:00\",\"breadcrumb\":{\"@id\":\"https:\/\/derechoyreligion-uc.urantiacos.cl\/en\/who-we-are\/team\/#breadcrumb\"},\"inLanguage\":\"en-US\",\"potentialAction\":[{\"@type\":\"ReadAction\",\"target\":[\"https:\/\/derechoyreligion-uc.urantiacos.cl\/en\/who-we-are\/team\/\"]}]},{\"@type\":\"ImageObject\",\"inLanguage\":\"en-US\",\"@id\":\"https:\/\/derechoyreligion-uc.urantiacos.cl\/en\/who-we-are\/team\/#primaryimage\",\"url\":\"https:\/\/derechoyreligion-uc.urantiacos.cl\/wp-content\/uploads\/2025\/09\/38ecd1f7d80235368f84e71fe282e3ef1ecbbb06.jpg\",\"contentUrl\":\"https:\/\/derechoyreligion-uc.urantiacos.cl\/wp-content\/uploads\/2025\/09\/38ecd1f7d80235368f84e71fe282e3ef1ecbbb06.jpg\",\"width\":1798,\"height\":1200},{\"@type\":\"BreadcrumbList\",\"@id\":\"https:\/\/derechoyreligion-uc.urantiacos.cl\/en\/who-we-are\/team\/#breadcrumb\",\"itemListElement\":[{\"@type\":\"ListItem\",\"position\":1,\"name\":\"Portada\",\"item\":\"https:\/\/derechoyreligion-uc.urantiacos.cl\/en\/\"},{\"@type\":\"ListItem\",\"position\":2,\"name\":\"Team\"}]},{\"@type\":\"WebSite\",\"@id\":\"https:\/\/derechoyreligion-uc.urantiacos.cl\/en\/#website\",\"url\":\"https:\/\/derechoyreligion-uc.urantiacos.cl\/en\/\",\"name\":\"Centro UC Derecho y Religi\u00f3n\",\"description\":\"\",\"potentialAction\":[{\"@type\":\"SearchAction\",\"target\":{\"@type\":\"EntryPoint\",\"urlTemplate\":\"https:\/\/derechoyreligion-uc.urantiacos.cl\/en\/?s={search_term_string}\"},\"query-input\":{\"@type\":\"PropertyValueSpecification\",\"valueRequired\":true,\"valueName\":\"search_term_string\"}}],\"inLanguage\":\"en-US\"}]}<\/script>\n<!-- \/ Yoast SEO plugin. -->","yoast_head_json":{"title":"Team - Centro UC Derecho y Religi\u00f3n","robots":{"index":"index","follow":"follow","max-snippet":"max-snippet:-1","max-image-preview":"max-image-preview:large","max-video-preview":"max-video-preview:-1"},"canonical":"https:\/\/derechoyreligion-uc.urantiacos.cl\/en\/who-we-are\/team\/","og_locale":"en_US","og_type":"article","og_title":"Team - Centro UC Derecho y Religi\u00f3n","og_description":"About us Team Other Academic Members of the Center","og_url":"https:\/\/derechoyreligion-uc.urantiacos.cl\/en\/who-we-are\/team\/","og_site_name":"Centro UC Derecho y Religi\u00f3n","article_modified_time":"2026-03-08T22:37:50+00:00","og_image":[{"width":1798,"height":1200,"url":"https:\/\/derechoyreligion-uc.urantiacos.cl\/wp-content\/uploads\/2025\/09\/38ecd1f7d80235368f84e71fe282e3ef1ecbbb06.jpg","type":"image\/jpeg"}],"twitter_card":"summary_large_image","schema":{"@context":"https:\/\/schema.org","@graph":[{"@type":"WebPage","@id":"https:\/\/derechoyreligion-uc.urantiacos.cl\/en\/who-we-are\/team\/","url":"https:\/\/derechoyreligion-uc.urantiacos.cl\/en\/who-we-are\/team\/","name":"Team - Centro UC Derecho y Religi\u00f3n","isPartOf":{"@id":"https:\/\/derechoyreligion-uc.urantiacos.cl\/en\/#website"},"primaryImageOfPage":{"@id":"https:\/\/derechoyreligion-uc.urantiacos.cl\/en\/who-we-are\/team\/#primaryimage"},"image":{"@id":"https:\/\/derechoyreligion-uc.urantiacos.cl\/en\/who-we-are\/team\/#primaryimage"},"thumbnailUrl":"https:\/\/derechoyreligion-uc.urantiacos.cl\/wp-content\/uploads\/2025\/09\/38ecd1f7d80235368f84e71fe282e3ef1ecbbb06.jpg","datePublished":"2025-09-04T01:39:33+00:00","dateModified":"2026-03-08T22:37:50+00:00","breadcrumb":{"@id":"https:\/\/derechoyreligion-uc.urantiacos.cl\/en\/who-we-are\/team\/#breadcrumb"},"inLanguage":"en-US","potentialAction":[{"@type":"ReadAction","target":["https:\/\/derechoyreligion-uc.urantiacos.cl\/en\/who-we-are\/team\/"]}]},{"@type":"ImageObject","inLanguage":"en-US","@id":"https:\/\/derechoyreligion-uc.urantiacos.cl\/en\/who-we-are\/team\/#primaryimage","url":"https:\/\/derechoyreligion-uc.urantiacos.cl\/wp-content\/uploads\/2025\/09\/38ecd1f7d80235368f84e71fe282e3ef1ecbbb06.jpg","contentUrl":"https:\/\/derechoyreligion-uc.urantiacos.cl\/wp-content\/uploads\/2025\/09\/38ecd1f7d80235368f84e71fe282e3ef1ecbbb06.jpg","width":1798,"height":1200},{"@type":"BreadcrumbList","@id":"https:\/\/derechoyreligion-uc.urantiacos.cl\/en\/who-we-are\/team\/#breadcrumb","itemListElement":[{"@type":"ListItem","position":1,"name":"Portada","item":"https:\/\/derechoyreligion-uc.urantiacos.cl\/en\/"},{"@type":"ListItem","position":2,"name":"Team"}]},{"@type":"WebSite","@id":"https:\/\/derechoyreligion-uc.urantiacos.cl\/en\/#website","url":"https:\/\/derechoyreligion-uc.urantiacos.cl\/en\/","name":"Centro UC Derecho y Religi\u00f3n","description":"","potentialAction":[{"@type":"SearchAction","target":{"@type":"EntryPoint","urlTemplate":"https:\/\/derechoyreligion-uc.urantiacos.cl\/en\/?s={search_term_string}"},"query-input":{"@type":"PropertyValueSpecification","valueRequired":true,"valueName":"search_term_string"}}],"inLanguage":"en-US"}]}},"_links":{"self":[{"href":"https:\/\/derechoyreligion-uc.urantiacos.cl\/en\/wp-json\/wp\/v2\/pages\/774","targetHints":{"allow":["GET"]}}],"collection":[{"href":"https:\/\/derechoyreligion-uc.urantiacos.cl\/en\/wp-json\/wp\/v2\/pages"}],"about":[{"href":"https:\/\/derechoyreligion-uc.urantiacos.cl\/en\/wp-json\/wp\/v2\/types\/page"}],"author":[{"embeddable":true,"href":"https:\/\/derechoyreligion-uc.urantiacos.cl\/en\/wp-json\/wp\/v2\/users\/1"}],"replies":[{"embeddable":true,"href":"https:\/\/derechoyreligion-uc.urantiacos.cl\/en\/wp-json\/wp\/v2\/comments?post=774"}],"version-history":[{"count":16,"href":"https:\/\/derechoyreligion-uc.urantiacos.cl\/en\/wp-json\/wp\/v2\/pages\/774\/revisions"}],"predecessor-version":[{"id":2380,"href":"https:\/\/derechoyreligion-uc.urantiacos.cl\/en\/wp-json\/wp\/v2\/pages\/774\/revisions\/2380"}],"up":[{"embeddable":true,"href":"https:\/\/derechoyreligion-uc.urantiacos.cl\/en\/wp-json\/wp\/v2\/pages\/420"}],"wp:featuredmedia":[{"embeddable":true,"href":"https:\/\/derechoyreligion-uc.urantiacos.cl\/en\/wp-json\/wp\/v2\/media\/408"}],"wp:attachment":[{"href":"https:\/\/derechoyreligion-uc.urantiacos.cl\/en\/wp-json\/wp\/v2\/media?parent=774"}],"curies":[{"name":"wp","href":"https:\/\/api.w.org\/{rel}","templated":true}]}}