
{"id":551,"date":"2025-09-04T13:00:31","date_gmt":"2025-09-04T17:00:31","guid":{"rendered":"https:\/\/derechoyreligion-uc.urantiacos.cl\/evento\/congress-for-the-20th-anniversary-of-the-center-the-value-of-beliefs-in-latin-american-democracies\/"},"modified":"2025-09-16T13:32:52","modified_gmt":"2025-09-16T16:32:52","slug":"congress-for-the-20th-anniversary-of-the-center-the-value-of-beliefs-in-latin-american-democracies","status":"publish","type":"evento","link":"https:\/\/derechoyreligion-uc.urantiacos.cl\/en\/event\/congress-for-the-20th-anniversary-of-the-center-the-value-of-beliefs-in-latin-american-democracies\/","title":{"rendered":"Congress for the 20th Anniversary of the Center &#8220;the Value of Beliefs in Latin American Democracies&#8221;"},"content":{"rendered":"\n<p><em>Congress<\/em><\/p>\n\n<p><em>100 YEARS OF CHURCH-STATE SEPARATION IN CHILE<\/em><\/p>\n\n<p><br\/>The Value of Beliefs in Latin American Democracies<\/p>\n\n<p><br\/><em>PROVISIONAL PROGRAM &#8211; AUGUST 28, 2025<\/em><\/p>\n\n<p><strong>Tuesday, October 14<\/strong><br\/><strong>18:00 \u2013 19:30 hrs. Inaugural Session <\/strong><\/p>\n\n<p><br\/>Juan Carlos de la Llera (President UC)<\/p>\n\n<p>Gabriel Bocksang (Derecho UC)<\/p>\n\n<p>Mar\u00eda Elena Pimstein (Director, Centro UC Derecho y Religi\u00f3n)<\/p>\n\n<p><br\/>Inaugural Conference: Nazila Ghanea, Special Rapporteur for Freedom of Religion or Belief, University of Oxford<\/p>\n\n<p><br\/><strong>19:30 \u2013 20:30 hrs. Welcome Cocktail <\/strong><\/p>\n\n<p><br\/>Location: Aula Magna Manuel Jos\u00e9 Irarr\u00e1zaval, Casa Central, Pontificia Universidad Cat\u00f3lica de Chile<\/p>\n\n<p><strong>Wednesday, October 15<\/strong><br\/><strong>09:30 \u2013 11:00 hrs. Plenary Session <\/strong><\/p>\n\n<p><br\/>School Education and Religion in Latin America<\/p>\n\n<p><br\/>Speaker: Nicole Garnett (U. de Notre Dame, United States)<\/p>\n\n<p>Comments by: Edgar Stuardo Ral\u00f3n (Inter-American Commission on Human Rights &#8211; Guatemala) and Javier Garc\u00eda Oliva (U. de Manchester, United Kingdom) <\/p>\n\n<p>Moderator: Ana Mar\u00eda Celis (UC Chile)<\/p>\n\n<p>Location: Aula Magna Manuel Jos\u00e9 Irarr\u00e1zaval, Casa Central, Pontificia Universidad Cat\u00f3lica de Chile<\/p>\n\n<p><br\/><strong>11:00 \u2013 11:30 hrs. Coffee Break<\/strong><\/p>\n\n<p><br\/><strong>11:30 \u2013 13:00 hrs. Parallel Sessions <\/strong><\/p>\n\n<p><br\/>1. Tensions in education regarding religious freedom<\/p>\n\n<p><br\/>Elena Ant\u00f3n, The right to education and religious freedom in Latin America (U. Rey Juan Carlos de Madrid, Spain)<\/p>\n\n<p>Mar\u00eda Paz Madrid, Religious freedom in the educational context: between Scylla (19th century) and Charybdis (20th century) (U. de Notre Dame, United States \u2013 U. de Santiago de Chile)  <\/p>\n\n<p><br\/>TBC<\/p>\n\n<p><br\/>Moderator: Carmen Dom\u00ednguez (UC Chile)<\/p>\n\n<p><br\/>2. Secularism, between the public space of religion and the privatization of religion<\/p>\n\n<p><br\/>Gonzalo Flores, Institutional relations between the Peruvian State and religious organizations in terms of collaboration (U. Cat\u00f3lica de San Pablo, Per\u00fa)<\/p>\n\n<p>Marcos Gonz\u00e1lez, The management of freedom of belief in Latin American democracies (U. Aut\u00f3noma de Madrid, Spain)<\/p>\n\n<p>Alejandra Ovalle, Institutional relations State \u2013 religious organizations in Chile (UC Chile)<\/p>\n\n<p>Moderator: Paulina Eyzaguirre (UC Chile)<\/p>\n\n<p><br\/><strong>13:15 \u2013 14:45 hrs. Lunch (Centro de Extensi\u00f3n UC) <\/strong><\/p>\n\n<p><br\/><strong>15:00 \u2013 16:30 hrs. Plenary Session <\/strong><\/p>\n\n<p><br\/>Institutional relations between the State and religious entities<\/p>\n\n<p><br\/>Rodrigo Alves (Universidad Federal de Uberlandia, Brazil)<\/p>\n\n<p>Miguel \u00c1ngel Fern\u00e1ndez (UC Chile)<\/p>\n\n<p>Scott Isaacson (Brigham Young University, United States)<\/p>\n\n<p>Mar\u00eda Jos\u00e9 Valero (Universidad Villanueva, Spain)<\/p>\n\n<p>Moderator: Carlos Salinas (P. Universidad Cat\u00f3lica de Valpara\u00edso, Chile)<\/p>\n\n<p><br\/>Location: Aula Magna Manuel Jos\u00e9 Irarr\u00e1zaval, Casa Central, Pontificia Universidad Cat\u00f3lica de Chile<\/p>\n\n<p><br\/><strong>16:30 \u2013 17:00 hrs. Coffee Break <\/strong><\/p>\n\n<p><br\/><strong>17:00 \u2013 18:30 hrs. Parallel Sessions <\/strong><\/p>\n\n<p><br\/>1. Jurisprudence regarding secularism and religious freedom<\/p>\n\n<p><br\/>Mar\u00eda Paz Arteaga, Towards a concept of minister of worship based on Chilean jurisprudence (UC Chile)<\/p>\n\n<p>Juan Navarro Floria, The religious factor in the recent jurisprudence of the Supreme Court of the Argentine Republic (Pontificia Universidad Cat\u00f3lica de Argentina)<\/p>\n\n<p>Mercedes Rubino, Indigenous communities and religious communities. Assessment of diversity in jurisprudence in the Argentine Republic (Pontificia Universidad Cat\u00f3lica de Argentina)<\/p>\n\n<p>Moderator: Ren\u00e9 Cort\u00ednez SJ (U. Alberto Hurtado, Chile)<\/p>\n\n<p><br\/>2. From the patronage regime to institutional separation and agreements with religious entities<\/p>\n\n<p><br\/>Gabriel Gonz\u00e1lez Merlano, A century of Church-State separation in Uruguay: a century of religious freedom (Instituto Universitario Mons. Mariano Soler del Uruguay)<\/p>\n\n<p>Javiera Sfeir, The participation of the Chilean Council of State in the provision of ecclesiastical positions (1833\u20131841) (U. de los Andes, Chile)<\/p>\n\n<p>Rodolfo Torres, Church-State separation and recognition of religious freedom for non-Catholic denominations (Plataforma Evang\u00e9lica Nacional, Chile)<\/p>\n\n<p>Moderator: Andrea Botto (U. Finis Terrae \u2013 UC Chile)<\/p>\n\n<p><strong>Thursday, October 16<\/strong><br\/><strong>09:30 \u2013 11:00 hrs. Parallel Sessions<\/strong><\/p>\n\n<p><br\/>1. The protection of religious sentiments: tensions between religious freedom and freedom of expression<\/p>\n\n<p><br\/>Anastasia Assimakopulos, Destruction and reconstruction of a national monument of religious significance in Chile: the case of the Church of the Veracruz (U. de los Andes, Chile)<\/p>\n\n<p>Fabio Carvalho Leite, Freedom of religious expression and its limits (under construction) in Brazil (Pontificia Universidad de R\u00edo de Janiero, Brazil)<\/p>\n\n<p>Caetano Dias \u2013 Daniel Rodrigues, Religious freedom and political theology in social networks (U. Federal de Santa Catarina, Brazil)<\/p>\n\n<p>Catalina Pons, The necessary protection of religious sentiments in democratic societies (U. de las Islas Baleares, Spain)<\/p>\n\n<p>Moderator: Omar Cort\u00e9s (Oficina Nacional de Asuntos Religiosos, Chile)<\/p>\n\n<p><br\/>2. The contribution of religious denominations to the consolidation of democracy in Spain<\/p>\n\n<p><br\/>Jos\u00e9 Antonio Calvi (Instituto para la protecci\u00f3n y el desarrollo de la libertad religiosa, Per\u00fa)<\/p>\n\n<p>Javier Mart\u00ednez Torr\u00f3n (U. Complutense de Madrid, Spain)<\/p>\n\n<p>Silvia Meseguer (U. Complutense de Madrid, Spain)<\/p>\n\n<p>Francisca P\u00e9rez Madrid (U. de Barcelona, Spain)<\/p>\n\n<p>Moderator: Jorge del Pic\u00f3 (U. de Talca, Chile)<\/p>\n\n<p><br\/><strong>11:00 \u2013 11:30 hrs. Coffee Break<\/strong><\/p>\n\n<p><br\/><strong>11:30 \u2013 13:00 hrs. Plenary Session<\/strong><\/p>\n\n<p><br\/>A look at religious freedom in Latin America in light of its norms and jurisprudence<\/p>\n\n<p><br\/>Carmen Asia\u00edn (U. de Montevideo, Uruguay)<\/p>\n\n<p>Soledad Bertelsen (The Catholic University of America, United States)<\/p>\n\n<p>Andr\u00e9s L\u00f3pez (U. de la Sabana, Colombia)<\/p>\n\n<p>Moderator: Maureen Neckelmann (UC Chile)<\/p>\n\n<p>Location: Aula Magna Manuel Jos\u00e9 Irarr\u00e1zaval, Casa Central, Pontificia Universidad Cat\u00f3lica de Chile<\/p>\n\n<p><br\/><strong>13:00 \u2013 13:30 hrs. Closing Ceremony<\/strong><\/p>\n\n<p>Mar\u00eda Elena Pimstein (UC Chile)<\/p>\n\n<p><br\/><strong>13:45 \u2013 15:00 Lunch (Centro de Extensi\u00f3n UC)<\/strong><\/p>\n\n<p><\/p>\n\n<figure class=\"wp-block-image size-large\"><img loading=\"lazy\" decoding=\"async\" width=\"724\" height=\"1024\" src=\"https:\/\/derechoyreligion-uc.urantiacos.cl\/wp-content\/uploads\/2025\/09\/Convocatoria_El_valor_de_las_creencias_en_las_democracias_latinoamericanas-724x1024.jpg\" alt=\"\" class=\"wp-image-383\" srcset=\"https:\/\/derechoyreligion-uc.urantiacos.cl\/wp-content\/uploads\/2025\/09\/Convocatoria_El_valor_de_las_creencias_en_las_democracias_latinoamericanas-724x1024.jpg 724w, https:\/\/derechoyreligion-uc.urantiacos.cl\/wp-content\/uploads\/2025\/09\/Convocatoria_El_valor_de_las_creencias_en_las_democracias_latinoamericanas-212x300.jpg 212w, https:\/\/derechoyreligion-uc.urantiacos.cl\/wp-content\/uploads\/2025\/09\/Convocatoria_El_valor_de_las_creencias_en_las_democracias_latinoamericanas-768x1086.jpg 768w, https:\/\/derechoyreligion-uc.urantiacos.cl\/wp-content\/uploads\/2025\/09\/Convocatoria_El_valor_de_las_creencias_en_las_democracias_latinoamericanas-1086x1536.jpg 1086w, https:\/\/derechoyreligion-uc.urantiacos.cl\/wp-content\/uploads\/2025\/09\/Convocatoria_El_valor_de_las_creencias_en_las_democracias_latinoamericanas-1448x2048.jpg 1448w, https:\/\/derechoyreligion-uc.urantiacos.cl\/wp-content\/uploads\/2025\/09\/Convocatoria_El_valor_de_las_creencias_en_las_democracias_latinoamericanas-scaled.jpg 1810w\" sizes=\"auto, (max-width: 724px) 100vw, 724px\" \/><\/figure>\n","protected":false},"featured_media":0,"template":"","meta":{"_acf_changed":false},"class_list":["post-551","evento","type-evento","status-publish","hentry"],"acf":[],"yoast_head":"<!-- This site is optimized with the Yoast SEO plugin v27.1.1 - https:\/\/yoast.com\/product\/yoast-seo-wordpress\/ -->\n<title>Congress for the 20th Anniversary of the Center &quot;the Value of Beliefs in Latin American Democracies&quot; - Centro UC Derecho y Religi\u00f3n<\/title>\n<meta name=\"robots\" content=\"noindex, follow\" \/>\n<meta property=\"og:locale\" content=\"en_US\" \/>\n<meta property=\"og:type\" content=\"article\" \/>\n<meta property=\"og:title\" content=\"Congress for the 20th Anniversary of the Center &quot;the Value of Beliefs in Latin American Democracies&quot; - Centro UC Derecho y Religi\u00f3n\" \/>\n<meta property=\"og:description\" content=\"Congress 100 YEARS OF CHURCH-STATE SEPARATION IN CHILE The Value of Beliefs in Latin American Democracies PROVISIONAL PROGRAM &#8211; AUGUST 28, 2025 Tuesday, October 1418:00 \u2013 19:30 hrs. Inaugural Session Juan Carlos de la Llera (President UC) Gabriel Bocksang (Derecho UC) Mar\u00eda Elena Pimstein (Director, Centro UC Derecho y Religi\u00f3n) Inaugural Conference: Nazila Ghanea, Special [&hellip;]\" \/>\n<meta property=\"og:url\" content=\"https:\/\/derechoyreligion-uc.urantiacos.cl\/en\/event\/congress-for-the-20th-anniversary-of-the-center-the-value-of-beliefs-in-latin-american-democracies\/\" \/>\n<meta property=\"og:site_name\" content=\"Centro UC Derecho y Religi\u00f3n\" \/>\n<meta property=\"article:modified_time\" content=\"2025-09-16T16:32:52+00:00\" \/>\n<meta property=\"og:image\" content=\"https:\/\/derechoyreligion-uc.urantiacos.cl\/wp-content\/uploads\/2025\/09\/Convocatoria_El_valor_de_las_creencias_en_las_democracias_latinoamericanas-724x1024.jpg\" \/>\n<meta name=\"twitter:card\" content=\"summary_large_image\" \/>\n<meta name=\"twitter:label1\" content=\"Est. reading time\" \/>\n\t<meta name=\"twitter:data1\" content=\"4 minutes\" \/>\n<script type=\"application\/ld+json\" class=\"yoast-schema-graph\">{\"@context\":\"https:\/\/schema.org\",\"@graph\":[{\"@type\":\"WebPage\",\"@id\":\"https:\/\/derechoyreligion-uc.urantiacos.cl\/en\/event\/congress-for-the-20th-anniversary-of-the-center-the-value-of-beliefs-in-latin-american-democracies\/\",\"url\":\"https:\/\/derechoyreligion-uc.urantiacos.cl\/en\/event\/congress-for-the-20th-anniversary-of-the-center-the-value-of-beliefs-in-latin-american-democracies\/\",\"name\":\"Congress for the 20th Anniversary of the Center \\\"the Value of Beliefs in Latin American Democracies\\\" - Centro UC Derecho y Religi\u00f3n\",\"isPartOf\":{\"@id\":\"https:\/\/derechoyreligion-uc.urantiacos.cl\/en\/#website\"},\"primaryImageOfPage\":{\"@id\":\"https:\/\/derechoyreligion-uc.urantiacos.cl\/en\/event\/congress-for-the-20th-anniversary-of-the-center-the-value-of-beliefs-in-latin-american-democracies\/#primaryimage\"},\"image\":{\"@id\":\"https:\/\/derechoyreligion-uc.urantiacos.cl\/en\/event\/congress-for-the-20th-anniversary-of-the-center-the-value-of-beliefs-in-latin-american-democracies\/#primaryimage\"},\"thumbnailUrl\":\"https:\/\/derechoyreligion-uc.urantiacos.cl\/wp-content\/uploads\/2025\/09\/Convocatoria_El_valor_de_las_creencias_en_las_democracias_latinoamericanas-724x1024.jpg\",\"datePublished\":\"2025-09-04T17:00:31+00:00\",\"dateModified\":\"2025-09-16T16:32:52+00:00\",\"breadcrumb\":{\"@id\":\"https:\/\/derechoyreligion-uc.urantiacos.cl\/en\/event\/congress-for-the-20th-anniversary-of-the-center-the-value-of-beliefs-in-latin-american-democracies\/#breadcrumb\"},\"inLanguage\":\"en-US\",\"potentialAction\":[{\"@type\":\"ReadAction\",\"target\":[\"https:\/\/derechoyreligion-uc.urantiacos.cl\/en\/event\/congress-for-the-20th-anniversary-of-the-center-the-value-of-beliefs-in-latin-american-democracies\/\"]}]},{\"@type\":\"ImageObject\",\"inLanguage\":\"en-US\",\"@id\":\"https:\/\/derechoyreligion-uc.urantiacos.cl\/en\/event\/congress-for-the-20th-anniversary-of-the-center-the-value-of-beliefs-in-latin-american-democracies\/#primaryimage\",\"url\":\"https:\/\/derechoyreligion-uc.urantiacos.cl\/wp-content\/uploads\/2025\/09\/Convocatoria_El_valor_de_las_creencias_en_las_democracias_latinoamericanas-724x1024.jpg\",\"contentUrl\":\"https:\/\/derechoyreligion-uc.urantiacos.cl\/wp-content\/uploads\/2025\/09\/Convocatoria_El_valor_de_las_creencias_en_las_democracias_latinoamericanas-724x1024.jpg\"},{\"@type\":\"BreadcrumbList\",\"@id\":\"https:\/\/derechoyreligion-uc.urantiacos.cl\/en\/event\/congress-for-the-20th-anniversary-of-the-center-the-value-of-beliefs-in-latin-american-democracies\/#breadcrumb\",\"itemListElement\":[{\"@type\":\"ListItem\",\"position\":1,\"name\":\"Portada\",\"item\":\"https:\/\/derechoyreligion-uc.urantiacos.cl\/en\/\"},{\"@type\":\"ListItem\",\"position\":2,\"name\":\"Congress for the 20th Anniversary of the Center &#8220;the Value of Beliefs in Latin American Democracies&#8221;\"}]},{\"@type\":\"WebSite\",\"@id\":\"https:\/\/derechoyreligion-uc.urantiacos.cl\/en\/#website\",\"url\":\"https:\/\/derechoyreligion-uc.urantiacos.cl\/en\/\",\"name\":\"Centro UC Derecho y Religi\u00f3n\",\"description\":\"\",\"potentialAction\":[{\"@type\":\"SearchAction\",\"target\":{\"@type\":\"EntryPoint\",\"urlTemplate\":\"https:\/\/derechoyreligion-uc.urantiacos.cl\/en\/?s={search_term_string}\"},\"query-input\":{\"@type\":\"PropertyValueSpecification\",\"valueRequired\":true,\"valueName\":\"search_term_string\"}}],\"inLanguage\":\"en-US\"}]}<\/script>\n<!-- \/ Yoast SEO plugin. -->","yoast_head_json":{"title":"Congress for the 20th Anniversary of the Center \"the Value of Beliefs in Latin American Democracies\" - Centro UC Derecho y Religi\u00f3n","robots":{"index":"noindex","follow":"follow"},"og_locale":"en_US","og_type":"article","og_title":"Congress for the 20th Anniversary of the Center \"the Value of Beliefs in Latin American Democracies\" - Centro UC Derecho y Religi\u00f3n","og_description":"Congress 100 YEARS OF CHURCH-STATE SEPARATION IN CHILE The Value of Beliefs in Latin American Democracies PROVISIONAL PROGRAM &#8211; AUGUST 28, 2025 Tuesday, October 1418:00 \u2013 19:30 hrs. Inaugural Session Juan Carlos de la Llera (President UC) Gabriel Bocksang (Derecho UC) Mar\u00eda Elena Pimstein (Director, Centro UC Derecho y Religi\u00f3n) Inaugural Conference: Nazila Ghanea, Special [&hellip;]","og_url":"https:\/\/derechoyreligion-uc.urantiacos.cl\/en\/event\/congress-for-the-20th-anniversary-of-the-center-the-value-of-beliefs-in-latin-american-democracies\/","og_site_name":"Centro UC Derecho y Religi\u00f3n","article_modified_time":"2025-09-16T16:32:52+00:00","og_image":[{"url":"https:\/\/derechoyreligion-uc.urantiacos.cl\/wp-content\/uploads\/2025\/09\/Convocatoria_El_valor_de_las_creencias_en_las_democracias_latinoamericanas-724x1024.jpg","type":"","width":"","height":""}],"twitter_card":"summary_large_image","twitter_misc":{"Est. reading time":"4 minutes"},"schema":{"@context":"https:\/\/schema.org","@graph":[{"@type":"WebPage","@id":"https:\/\/derechoyreligion-uc.urantiacos.cl\/en\/event\/congress-for-the-20th-anniversary-of-the-center-the-value-of-beliefs-in-latin-american-democracies\/","url":"https:\/\/derechoyreligion-uc.urantiacos.cl\/en\/event\/congress-for-the-20th-anniversary-of-the-center-the-value-of-beliefs-in-latin-american-democracies\/","name":"Congress for the 20th Anniversary of the Center \"the Value of Beliefs in Latin American Democracies\" - Centro UC Derecho y Religi\u00f3n","isPartOf":{"@id":"https:\/\/derechoyreligion-uc.urantiacos.cl\/en\/#website"},"primaryImageOfPage":{"@id":"https:\/\/derechoyreligion-uc.urantiacos.cl\/en\/event\/congress-for-the-20th-anniversary-of-the-center-the-value-of-beliefs-in-latin-american-democracies\/#primaryimage"},"image":{"@id":"https:\/\/derechoyreligion-uc.urantiacos.cl\/en\/event\/congress-for-the-20th-anniversary-of-the-center-the-value-of-beliefs-in-latin-american-democracies\/#primaryimage"},"thumbnailUrl":"https:\/\/derechoyreligion-uc.urantiacos.cl\/wp-content\/uploads\/2025\/09\/Convocatoria_El_valor_de_las_creencias_en_las_democracias_latinoamericanas-724x1024.jpg","datePublished":"2025-09-04T17:00:31+00:00","dateModified":"2025-09-16T16:32:52+00:00","breadcrumb":{"@id":"https:\/\/derechoyreligion-uc.urantiacos.cl\/en\/event\/congress-for-the-20th-anniversary-of-the-center-the-value-of-beliefs-in-latin-american-democracies\/#breadcrumb"},"inLanguage":"en-US","potentialAction":[{"@type":"ReadAction","target":["https:\/\/derechoyreligion-uc.urantiacos.cl\/en\/event\/congress-for-the-20th-anniversary-of-the-center-the-value-of-beliefs-in-latin-american-democracies\/"]}]},{"@type":"ImageObject","inLanguage":"en-US","@id":"https:\/\/derechoyreligion-uc.urantiacos.cl\/en\/event\/congress-for-the-20th-anniversary-of-the-center-the-value-of-beliefs-in-latin-american-democracies\/#primaryimage","url":"https:\/\/derechoyreligion-uc.urantiacos.cl\/wp-content\/uploads\/2025\/09\/Convocatoria_El_valor_de_las_creencias_en_las_democracias_latinoamericanas-724x1024.jpg","contentUrl":"https:\/\/derechoyreligion-uc.urantiacos.cl\/wp-content\/uploads\/2025\/09\/Convocatoria_El_valor_de_las_creencias_en_las_democracias_latinoamericanas-724x1024.jpg"},{"@type":"BreadcrumbList","@id":"https:\/\/derechoyreligion-uc.urantiacos.cl\/en\/event\/congress-for-the-20th-anniversary-of-the-center-the-value-of-beliefs-in-latin-american-democracies\/#breadcrumb","itemListElement":[{"@type":"ListItem","position":1,"name":"Portada","item":"https:\/\/derechoyreligion-uc.urantiacos.cl\/en\/"},{"@type":"ListItem","position":2,"name":"Congress for the 20th Anniversary of the Center &#8220;the Value of Beliefs in Latin American Democracies&#8221;"}]},{"@type":"WebSite","@id":"https:\/\/derechoyreligion-uc.urantiacos.cl\/en\/#website","url":"https:\/\/derechoyreligion-uc.urantiacos.cl\/en\/","name":"Centro UC Derecho y Religi\u00f3n","description":"","potentialAction":[{"@type":"SearchAction","target":{"@type":"EntryPoint","urlTemplate":"https:\/\/derechoyreligion-uc.urantiacos.cl\/en\/?s={search_term_string}"},"query-input":{"@type":"PropertyValueSpecification","valueRequired":true,"valueName":"search_term_string"}}],"inLanguage":"en-US"}]}},"_links":{"self":[{"href":"https:\/\/derechoyreligion-uc.urantiacos.cl\/en\/wp-json\/wp\/v2\/evento\/551","targetHints":{"allow":["GET"]}}],"collection":[{"href":"https:\/\/derechoyreligion-uc.urantiacos.cl\/en\/wp-json\/wp\/v2\/evento"}],"about":[{"href":"https:\/\/derechoyreligion-uc.urantiacos.cl\/en\/wp-json\/wp\/v2\/types\/evento"}],"wp:attachment":[{"href":"https:\/\/derechoyreligion-uc.urantiacos.cl\/en\/wp-json\/wp\/v2\/media?parent=551"}],"curies":[{"name":"wp","href":"https:\/\/api.w.org\/{rel}","templated":true}]}}