
{"version":"1.0","provider_name":"Centro UC Derecho y Religi\u00f3n","provider_url":"https:\/\/derechoyreligion-uc.urantiacos.cl\/en\/","author_name":"manadmin","author_url":"https:\/\/derechoyreligion-uc.urantiacos.cl\/en\/author\/manadmin\/","title":"ADIR Asociaci\u00f3n Chilena de Di\u00e1logo Interreligioso - Centro UC Derecho y Religi\u00f3n","type":"rich","width":600,"height":338,"html":"<blockquote class=\"wp-embedded-content\" data-secret=\"WCswi6TyVD\"><a href=\"https:\/\/derechoyreligion-uc.urantiacos.cl\/en\/adir-asociacion-chilena-de-dialogo-interreligioso\/\">ADIR Asociaci\u00f3n Chilena de Di\u00e1logo Interreligioso<\/a><\/blockquote><iframe sandbox=\"allow-scripts\" security=\"restricted\" src=\"https:\/\/derechoyreligion-uc.urantiacos.cl\/en\/adir-asociacion-chilena-de-dialogo-interreligioso\/embed\/#?secret=WCswi6TyVD\" width=\"600\" height=\"338\" title=\"&#8220;ADIR Asociaci\u00f3n Chilena de Di\u00e1logo Interreligioso&#8221; &#8212; Centro UC Derecho y Religi\u00f3n\" data-secret=\"WCswi6TyVD\" frameborder=\"0\" marginwidth=\"0\" marginheight=\"0\" scrolling=\"no\" class=\"wp-embedded-content\"><\/iframe><script type=\"text\/javascript\">\n\/* <![CDATA[ *\/\n\/*! This file is auto-generated *\/\n!function(d,l){\"use strict\";l.querySelector&&d.addEventListener&&\"undefined\"!=typeof URL&&(d.wp=d.wp||{},d.wp.receiveEmbedMessage||(d.wp.receiveEmbedMessage=function(e){var t=e.data;if((t||t.secret||t.message||t.value)&&!\/[^a-zA-Z0-9]\/.test(t.secret)){for(var s,r,n,a=l.querySelectorAll('iframe[data-secret=\"'+t.secret+'\"]'),o=l.querySelectorAll('blockquote[data-secret=\"'+t.secret+'\"]'),c=new RegExp(\"^https?:$\",\"i\"),i=0;i<o.length;i++)o[i].style.display=\"none\";for(i=0;i<a.length;i++)s=a[i],e.source===s.contentWindow&&(s.removeAttribute(\"style\"),\"height\"===t.message?(1e3<(r=parseInt(t.value,10))?r=1e3:~~r<200&&(r=200),s.height=r):\"link\"===t.message&&(r=new URL(s.getAttribute(\"src\")),n=new URL(t.value),c.test(n.protocol))&&n.host===r.host&&l.activeElement===s&&(d.top.location.href=t.value))}},d.addEventListener(\"message\",d.wp.receiveEmbedMessage,!1),l.addEventListener(\"DOMContentLoaded\",function(){for(var e,t,s=l.querySelectorAll(\"iframe.wp-embedded-content\"),r=0;r<s.length;r++)(t=(e=s[r]).getAttribute(\"data-secret\"))||(t=Math.random().toString(36).substring(2,12),e.src+=\"#?secret=\"+t,e.setAttribute(\"data-secret\",t)),e.contentWindow.postMessage({message:\"ready\",secret:t},\"*\")},!1)))}(window,document);\n\/\/# sourceURL=https:\/\/derechoyreligion-uc.urantiacos.cl\/wp-includes\/js\/wp-embed.min.js\n\/* ]]> *\/\n<\/script>\n","thumbnail_url":"https:\/\/derechoyreligion-uc.urantiacos.cl\/wp-content\/uploads\/2025\/10\/lanzamiento_Adir_logo.jpg","thumbnail_width":600,"thumbnail_height":430,"description":"El Centro UC Derecho y Religi\u00f3n, a trav\u00e9s de su coordinadora Paulina Eyzaguirre, estuvo presente en el lanzamiento oficial de laAsociaci\u00f3n Chilena de Di\u00e1logo Interreligioso para el Desarrollo Humano \u2013ADIR Chile, que busca generar reflexi\u00f3n en los grupos espirituales para la convivencia democr\u00e1tica y que nace a partir de la iniciativa del Consejo Asesor Interreligioso de la Oficina Nacional de Asuntos Religiosos (ONAR)."}